{"id":4355,"date":"2022-04-15T15:37:58","date_gmt":"2022-04-15T13:37:58","guid":{"rendered":"https:\/\/audiowalks.centropa.org\/station\/7-das-gruben-denkmal-yama\/"},"modified":"2022-04-26T19:52:05","modified_gmt":"2022-04-26T17:52:05","slug":"7-das-gruben-denkmal-yama","status":"publish","type":"station","link":"https:\/\/audiowalks.centropa.org\/de\/tourstopp\/7-das-gruben-denkmal-yama\/","title":{"rendered":"7. Das Gruben-Denkmal \/ \u201cYama\u201d"},"content":{"rendered":"","protected":false},"excerpt":{"rendered":"<p>Das im Herzen von Minsk gelegene so genannte Yama dient als Hauptgedenkst\u00e4tte f\u00fcr die belarusischen Opfer des Holocaust. Die riesige Gedenkst\u00e4tte befindet sich an dem Ort, an dem am 2. und 3. M\u00e4rz 1942 mehrere tausend j\u00fcdische Bewohner des Minsker Ghettos erschossen wurden. Der \u00e4lteste Teil, der \u201cObelisk\u201d, wurde bereits 1946 aufgestellt.<\/p>\n","protected":false},"featured_media":5258,"template":"","format":"standard","meta":[],"city":[86],"topic":[],"variation":[],"acf":[],"_links":{"self":[{"href":"https:\/\/audiowalks.centropa.org\/de\/wp-json\/wp\/v2\/station\/4355"}],"collection":[{"href":"https:\/\/audiowalks.centropa.org\/de\/wp-json\/wp\/v2\/station"}],"about":[{"href":"https:\/\/audiowalks.centropa.org\/de\/wp-json\/wp\/v2\/types\/station"}],"wp:featuredmedia":[{"embeddable":true,"href":"https:\/\/audiowalks.centropa.org\/de\/wp-json\/wp\/v2\/media\/5258"}],"wp:attachment":[{"href":"https:\/\/audiowalks.centropa.org\/de\/wp-json\/wp\/v2\/media?parent=4355"}],"wp:term":[{"taxonomy":"city","embeddable":true,"href":"https:\/\/audiowalks.centropa.org\/de\/wp-json\/wp\/v2\/city?post=4355"},{"taxonomy":"topic","embeddable":true,"href":"https:\/\/audiowalks.centropa.org\/de\/wp-json\/wp\/v2\/topic?post=4355"},{"taxonomy":"variation","embeddable":true,"href":"https:\/\/audiowalks.centropa.org\/de\/wp-json\/wp\/v2\/variation?post=4355"}],"curies":[{"name":"wp","href":"https:\/\/api.w.org\/{rel}","templated":true}]}}